{"id":841,"date":"2020-02-24T10:18:34","date_gmt":"2020-02-24T09:18:34","guid":{"rendered":"http:\/\/tousmaussanais.fr\/?page_id=841"},"modified":"2020-05-04T10:08:10","modified_gmt":"2020-05-04T08:08:10","slug":"education-et-jeunesse","status":"publish","type":"page","link":"https:\/\/tousmaussanais.fr\/?page_id=841","title":{"rendered":"\u00c9DUCATION ET JEUNESSE"},"content":{"rendered":"\n<div class=\"wp-block-image\"><figure class=\"aligncenter size-large\"><img loading=\"lazy\" width=\"1600\" height=\"1067\" src=\"http:\/\/tousmaussanais.fr\/wp-content\/uploads\/2020\/02\/image3-1600x1067.jpg\" alt=\"\" class=\"wp-image-803\" srcset=\"https:\/\/tousmaussanais.fr\/wp-content\/uploads\/2020\/02\/image3-1600x1067.jpg 1600w, https:\/\/tousmaussanais.fr\/wp-content\/uploads\/2020\/02\/image3-600x400.jpg 600w, https:\/\/tousmaussanais.fr\/wp-content\/uploads\/2020\/02\/image3-768x512.jpg 768w, https:\/\/tousmaussanais.fr\/wp-content\/uploads\/2020\/02\/image3-1536x1024.jpg 1536w, https:\/\/tousmaussanais.fr\/wp-content\/uploads\/2020\/02\/image3.jpg 1920w\" sizes=\"(max-width: 1600px) 100vw, 1600px\" \/><\/figure><\/div>\n\n\n\n<p><strong>\u2022 Pourrions nous penser \u00e0 nos enfants et adolescents avant tout&#8230; ils sont l&rsquo;avenir du village et la construction d\u2019un projet \u00e9ducatif collaboratif,  en concertation avec toutes les parties prenantes serait une priorit\u00e9 pour nombre de parents attentifs !<br>De plus un soutien r\u00e9el et une \u00e9coute des \u00e9quipes \u00e9ducatives dans leurs besoins  humains  et mat\u00e9riels de l&rsquo;\u00e9cole serait aussi bienvenues&#8230;<\/strong><\/p>\n\n\n\n<p>Tout comme ces pistes-l\u00e0 :<br>\u2022 <strong>l<\/strong>a r\u00e9habilitation des locaux scolaires : Isolation \u00e9nerg\u00e9tique des b\u00e2timents, cr\u00e9ation de toilettes en nombre suffisant, travaux de r\u00e9fection\u2026 <br>Une cour de r\u00e9cr\u00e9ation agrandie, avec des espaces de plantation et de d\u00e9couverte, adapt\u00e9e \u00e0 l\u2019\u00e9ducation \u00e0 l\u2019environnement <br>\u2022 Un centre a\u00e9r\u00e9 hors de l\u2019\u00e9cole dot\u00e9 de bonnes conditions d\u2019accueil et d&rsquo;activit\u00e9s diversifi\u00e9es<br>\u2022 Un acc\u00e8s plus facile aux structures sportives : Piscine, stade et autres futures structures \u00e0 cr\u00e9er en concertation <br>\u2022 Une cantine favorisant les circuits courts, le bio de nos agriculteurs locaux et  minimisant le gaspillage <br>\u2022 Un projet \u201cp\u00e9dibus scolaire\u201d avec des points de rassemblement <br>\u2022 Une formation aux gestes qui sauvent pour les jeunes maussanais <br>\u00e0 partir de 10 ans&#8230; etc&#8230;<\/p>\n","protected":false},"excerpt":{"rendered":"<p>\u2022 Pourrions nous penser \u00e0 nos enfants et adolescents avant tout&#8230; ils sont l&rsquo;avenir du village et la construction d\u2019un projet \u00e9ducatif collaboratif, en concertation avec toutes les parties prenantes serait une priorit\u00e9 pour nombre de parents attentifs !De plus un soutien r\u00e9el et une \u00e9coute des \u00e9quipes \u00e9ducatives dans leurs besoins humains et mat\u00e9riels [&hellip;]<\/p>\n","protected":false},"author":1,"featured_media":0,"parent":0,"menu_order":0,"comment_status":"closed","ping_status":"closed","template":"","meta":[],"_links":{"self":[{"href":"https:\/\/tousmaussanais.fr\/index.php?rest_route=\/wp\/v2\/pages\/841"}],"collection":[{"href":"https:\/\/tousmaussanais.fr\/index.php?rest_route=\/wp\/v2\/pages"}],"about":[{"href":"https:\/\/tousmaussanais.fr\/index.php?rest_route=\/wp\/v2\/types\/page"}],"author":[{"embeddable":true,"href":"https:\/\/tousmaussanais.fr\/index.php?rest_route=\/wp\/v2\/users\/1"}],"replies":[{"embeddable":true,"href":"https:\/\/tousmaussanais.fr\/index.php?rest_route=%2Fwp%2Fv2%2Fcomments&post=841"}],"version-history":[{"count":6,"href":"https:\/\/tousmaussanais.fr\/index.php?rest_route=\/wp\/v2\/pages\/841\/revisions"}],"predecessor-version":[{"id":1138,"href":"https:\/\/tousmaussanais.fr\/index.php?rest_route=\/wp\/v2\/pages\/841\/revisions\/1138"}],"wp:attachment":[{"href":"https:\/\/tousmaussanais.fr\/index.php?rest_route=%2Fwp%2Fv2%2Fmedia&parent=841"}],"curies":[{"name":"wp","href":"https:\/\/api.w.org\/{rel}","templated":true}]}}