{"id":838,"date":"2020-02-24T10:16:40","date_gmt":"2020-02-24T09:16:40","guid":{"rendered":"http:\/\/tousmaussanais.fr\/?page_id=838"},"modified":"2020-05-04T10:12:53","modified_gmt":"2020-05-04T08:12:53","slug":"sante-et-solidarite","status":"publish","type":"page","link":"https:\/\/tousmaussanais.fr\/?page_id=838","title":{"rendered":"SANT\u00c9 ET SOLIDARIT\u00c9"},"content":{"rendered":"\n<div class=\"wp-block-image\"><figure class=\"aligncenter size-large\"><img loading=\"lazy\" width=\"1181\" height=\"788\" src=\"http:\/\/tousmaussanais.fr\/wp-content\/uploads\/2020\/02\/Fotolia_41150679_XS.jpg\" alt=\"\" class=\"wp-image-800\" srcset=\"https:\/\/tousmaussanais.fr\/wp-content\/uploads\/2020\/02\/Fotolia_41150679_XS.jpg 1181w, https:\/\/tousmaussanais.fr\/wp-content\/uploads\/2020\/02\/Fotolia_41150679_XS-600x400.jpg 600w, https:\/\/tousmaussanais.fr\/wp-content\/uploads\/2020\/02\/Fotolia_41150679_XS-768x512.jpg 768w\" sizes=\"(max-width: 1181px) 100vw, 1181px\" \/><\/figure><\/div>\n\n\n\n<p>\u2022 <strong>Aide au d\u00e9ploiement de nouveaux dispositifs impliquant\u00a0tous les professionnels de sant\u00e9 <\/strong>pour lutter contre l\u2019arriv\u00e9e des d\u00e9serts m\u00e9dicaux<br>\u2022 Cr\u00e9ation d\u2019<strong>une Maison de Sant\u00e9 Pluriprofessionnelle, multisite, <br>en mutualisation avec les villages voisins<\/strong><br>\u2022 <strong>Pr\u00e9sence et action sociale renforc\u00e9es au b\u00e9n\u00e9fice des Maussanais <br>en difficult\u00e9 permanente ou temporaire<\/strong>.<\/p>\n\n\n\n<p><strong>et&#8230;. Bien s\u00fbr, une attention particuli\u00e8re aux plus fragiles et \u00e0 toute la population avec un questionnement adapt\u00e9 lors de la crise sanitaire du Covid-19<\/strong>&#8230; <\/p>\n","protected":false},"excerpt":{"rendered":"<p>\u2022 Aide au d\u00e9ploiement de nouveaux dispositifs impliquant\u00a0tous les professionnels de sant\u00e9 pour lutter contre l\u2019arriv\u00e9e des d\u00e9serts m\u00e9dicaux\u2022 Cr\u00e9ation d\u2019une Maison de Sant\u00e9 Pluriprofessionnelle, multisite, en mutualisation avec les villages voisins\u2022 Pr\u00e9sence et action sociale renforc\u00e9es au b\u00e9n\u00e9fice des Maussanais en difficult\u00e9 permanente ou temporaire. et&#8230;. Bien s\u00fbr, une attention particuli\u00e8re aux plus fragiles [&hellip;]<\/p>\n","protected":false},"author":1,"featured_media":0,"parent":0,"menu_order":0,"comment_status":"closed","ping_status":"closed","template":"","meta":[],"_links":{"self":[{"href":"https:\/\/tousmaussanais.fr\/index.php?rest_route=\/wp\/v2\/pages\/838"}],"collection":[{"href":"https:\/\/tousmaussanais.fr\/index.php?rest_route=\/wp\/v2\/pages"}],"about":[{"href":"https:\/\/tousmaussanais.fr\/index.php?rest_route=\/wp\/v2\/types\/page"}],"author":[{"embeddable":true,"href":"https:\/\/tousmaussanais.fr\/index.php?rest_route=\/wp\/v2\/users\/1"}],"replies":[{"embeddable":true,"href":"https:\/\/tousmaussanais.fr\/index.php?rest_route=%2Fwp%2Fv2%2Fcomments&post=838"}],"version-history":[{"count":4,"href":"https:\/\/tousmaussanais.fr\/index.php?rest_route=\/wp\/v2\/pages\/838\/revisions"}],"predecessor-version":[{"id":1141,"href":"https:\/\/tousmaussanais.fr\/index.php?rest_route=\/wp\/v2\/pages\/838\/revisions\/1141"}],"wp:attachment":[{"href":"https:\/\/tousmaussanais.fr\/index.php?rest_route=%2Fwp%2Fv2%2Fmedia&parent=838"}],"curies":[{"name":"wp","href":"https:\/\/api.w.org\/{rel}","templated":true}]}}