{"id":238,"date":"2020-01-20T17:30:37","date_gmt":"2020-01-20T16:30:37","guid":{"rendered":"http:\/\/tousmaussanais.fr\/?page_id=238"},"modified":"2020-01-25T18:08:23","modified_gmt":"2020-01-25T17:08:23","slug":"hubert-piquet","status":"publish","type":"page","link":"https:\/\/tousmaussanais.fr\/?page_id=238","title":{"rendered":"Hubert Piquet"},"content":{"rendered":"\n<div class=\"wp-block-media-text alignwide\"><figure class=\"wp-block-media-text__media\"><img loading=\"lazy\" width=\"819\" height=\"1024\" src=\"http:\/\/tousmaussanais.fr\/wp-content\/uploads\/2020\/01\/hubert-819x1024.jpg\" alt=\"\" class=\"wp-image-135\" srcset=\"https:\/\/tousmaussanais.fr\/wp-content\/uploads\/2020\/01\/hubert-819x1024.jpg 819w, https:\/\/tousmaussanais.fr\/wp-content\/uploads\/2020\/01\/hubert-240x300.jpg 240w, https:\/\/tousmaussanais.fr\/wp-content\/uploads\/2020\/01\/hubert-1280x1600.jpg 1280w, https:\/\/tousmaussanais.fr\/wp-content\/uploads\/2020\/01\/hubert-768x960.jpg 768w, https:\/\/tousmaussanais.fr\/wp-content\/uploads\/2020\/01\/hubert-1229x1536.jpg 1229w, https:\/\/tousmaussanais.fr\/wp-content\/uploads\/2020\/01\/hubert-1638x2048.jpg 1638w, https:\/\/tousmaussanais.fr\/wp-content\/uploads\/2020\/01\/hubert-scaled.jpg 2048w\" sizes=\"(max-width: 819px) 100vw, 819px\" \/><\/figure><div class=\"wp-block-media-text__content\">\n<h3>Hubert Piquet, Maussanais<\/h3>\n\n\n\n<p class=\"has-small-font-size\">70 ans, mari\u00e9, 2 filles, 4 petits-enfants.<\/p>\n\n\n\n<p>Commer\u00e7ant dans le village pendant 18 ans, agriculteur et ol\u00e9\u00efculteur, d\u00e9sormais en retraite active, je partage mon temps entre mes oliviers, la p\u00e9tanque, et en saison, la chasse. Dans mon village o\u00f9 j&rsquo;habite depuis toujours, j&rsquo;ai pour pr\u00e9occupation le devenir de l&rsquo;agriculture sur la commune, \u00e0 l&rsquo;heure o\u00f9 une partie de l&rsquo;opinion publique est trop souvent agressive pour les agriculteurs, sans conna\u00eetre la complexit\u00e9 et les difficult\u00e9s de ce m\u00e9tier. Nous n&rsquo;osons imaginer ce que seraient nos paysages proven\u00e7aux sans le travail quotidien des agriculteurs&#8230;<\/p>\n\n\n\n<p><strong>En cons\u00e9quence, &nbsp;avec mon \u00e9quipe Tous Maussanais, nous nous efforcerons de soutenir les jeunes exploitants voulant s&rsquo;installer dans la commune avec un projet coh\u00e9rent et structur\u00e9.&nbsp;<br><\/strong><br><\/p>\n\n\n\n<p><\/p>\n<\/div><\/div>\n","protected":false},"excerpt":{"rendered":"<p>Hubert Piquet, Maussanais 70 ans, mari\u00e9, 2 filles, 4 petits-enfants. Commer\u00e7ant dans le village pendant 18 ans, agriculteur et ol\u00e9\u00efculteur, d\u00e9sormais en retraite active, je partage mon temps entre mes oliviers, la p\u00e9tanque, et en saison, la chasse. Dans mon village o\u00f9 j&rsquo;habite depuis toujours, j&rsquo;ai pour pr\u00e9occupation le devenir de l&rsquo;agriculture sur la commune, [&hellip;]<\/p>\n","protected":false},"author":1,"featured_media":0,"parent":0,"menu_order":0,"comment_status":"closed","ping_status":"closed","template":"","meta":[],"_links":{"self":[{"href":"https:\/\/tousmaussanais.fr\/index.php?rest_route=\/wp\/v2\/pages\/238"}],"collection":[{"href":"https:\/\/tousmaussanais.fr\/index.php?rest_route=\/wp\/v2\/pages"}],"about":[{"href":"https:\/\/tousmaussanais.fr\/index.php?rest_route=\/wp\/v2\/types\/page"}],"author":[{"embeddable":true,"href":"https:\/\/tousmaussanais.fr\/index.php?rest_route=\/wp\/v2\/users\/1"}],"replies":[{"embeddable":true,"href":"https:\/\/tousmaussanais.fr\/index.php?rest_route=%2Fwp%2Fv2%2Fcomments&post=238"}],"version-history":[{"count":6,"href":"https:\/\/tousmaussanais.fr\/index.php?rest_route=\/wp\/v2\/pages\/238\/revisions"}],"predecessor-version":[{"id":618,"href":"https:\/\/tousmaussanais.fr\/index.php?rest_route=\/wp\/v2\/pages\/238\/revisions\/618"}],"wp:attachment":[{"href":"https:\/\/tousmaussanais.fr\/index.php?rest_route=%2Fwp%2Fv2%2Fmedia&parent=238"}],"curies":[{"name":"wp","href":"https:\/\/api.w.org\/{rel}","templated":true}]}}