{"id":194,"date":"2020-01-20T16:48:14","date_gmt":"2020-01-20T15:48:14","guid":{"rendered":"http:\/\/tousmaussanais.fr\/?page_id=194"},"modified":"2020-05-04T09:42:36","modified_gmt":"2020-05-04T07:42:36","slug":"nos-axes-de-reflexion-et-daction","status":"publish","type":"page","link":"https:\/\/tousmaussanais.fr\/?page_id=194","title":{"rendered":"Cela m\u00e9rite r\u00e9flexion&#8230;"},"content":{"rendered":"\n<figure class=\"wp-block-image size-large is-resized\"><img loading=\"lazy\" src=\"https:\/\/tousmaussanais.fr\/wp-content\/uploads\/2020\/03\/IMG_1690-1200x1600.jpg\" alt=\"\" class=\"wp-image-1123\" width=\"380\" height=\"506\" srcset=\"https:\/\/tousmaussanais.fr\/wp-content\/uploads\/2020\/03\/IMG_1690-1200x1600.jpg 1200w, https:\/\/tousmaussanais.fr\/wp-content\/uploads\/2020\/03\/IMG_1690-450x600.jpg 450w, https:\/\/tousmaussanais.fr\/wp-content\/uploads\/2020\/03\/IMG_1690-768x1024.jpg 768w, https:\/\/tousmaussanais.fr\/wp-content\/uploads\/2020\/03\/IMG_1690-1152x1536.jpg 1152w, https:\/\/tousmaussanais.fr\/wp-content\/uploads\/2020\/03\/IMG_1690-1536x2048.jpg 1536w, https:\/\/tousmaussanais.fr\/wp-content\/uploads\/2020\/03\/IMG_1690-scaled.jpg 1920w\" sizes=\"(max-width: 380px) 100vw, 380px\" \/><\/figure>\n\n\n\n<p class=\"has-text-align-left\"><strong>Pour plusieurs de sujets concernant le village, nous avons d\u00e9termin\u00e9 des pistes de r\u00e9flexion cons\u00e9cutives aux commissions men\u00e9es lors de la pr\u00e9paration aux \u00e9lections municipales, en concertation \u00e9troite avec les maussanais qui ont une visions qualitative de l&rsquo;avenir du village.<\/strong><\/p>\n\n\n\n<p><strong>Les voici !<\/strong><\/p>\n\n\n\n<p class=\"has-text-align-left\"><br>\u2022 L<strong>&lsquo;augmentation significative des imp\u00f4ts en 2019<\/strong><br>Cela suffit &#8230; tous les maussanais n&rsquo;ont pas de grands moyens, et les imp\u00f4ts doivent \u00eatre partag\u00e9s ! posons -nous les bonnes questions&#8230;<strong><br> \u2022 L&rsquo;urbanisation galopante <\/strong><br>Nous disons Stop ! Pensons aux ressources naturelles disponibles et aux infrastructures du village&#8230; tout n&rsquo;est pas extensible par magie ! alors que certains projets municipaux sont ax\u00e9s sur la cr\u00e9ation de centaines de logements sociaux.<strong><br> \u2022 La d\u00e9gradation des trottoirs avenue de la vall\u00e9e des Baux, et une v\u00e9ritable zone 30km\/h s\u00e9curis\u00e9e<\/strong><br>Urgentissime &#8230; car des accidents vont sans nul doute se produire dans l&rsquo;\u00e9tat actuel des trottoirs&#8230;<strong><br> \u2022 La p\u00e9nurie de plantations d\u2019arbres (ex: avenue Fr\u00e9d\u00e9ric Mistral)<\/strong><br>Pour que le r\u00e9chauffement climatique rime avec le bien-\u00eatre de tous, et parce que la v\u00e9g\u00e9talisation du village est incontournable pour l&rsquo;avenir.<strong><br> \u2022 La trop faible quantit\u00e9 de pistes cyclables et de chemins pi\u00e9tons<\/strong><br>C&rsquo;est dans l&rsquo;air, et n\u00e9cessaire pour les circulations douces !<strong><br> \u2022 La lente mise aux normes de la piscine municipale <\/strong><br>Bient\u00f4t l&rsquo;\u00e9t\u00e9 pour TOUS les maussanais !<strong><br> \u2022 Le peu de consid\u00e9ration de nos agriculteurs dans les instances o\u00f9 se prennent des d\u00e9cisions et la valorisation des produits locaux <\/strong><br>A quand des produits locaux aux tables de l&rsquo;ap\u00e9ro sur la place du village ?<strong><br> \u2022 L&rsquo;inexistence d&rsquo;un comit\u00e9 des F\u00eates et un soutien aux associations qui animent le village <\/strong><br>Sans ses associations, le village serait au point mort !<strong><br> \u2022 Une politique culturelle indigente vers l&rsquo;ensemble des g\u00e9n\u00e9rations et des associations<br>\u2022 Un Patrimoine communal peu respect\u00e9 et restaur\u00e9<\/strong> arbitrairement sans le conseil des CAUEet la validation des b\u00e2timents de France et des instances agr\u00e9\u00e9es&#8230;<\/p>\n\n\n\n<p><\/p>\n","protected":false},"excerpt":{"rendered":"<p>Pour plusieurs de sujets concernant le village, nous avons d\u00e9termin\u00e9 des pistes de r\u00e9flexion cons\u00e9cutives aux commissions men\u00e9es lors de la pr\u00e9paration aux \u00e9lections municipales, en concertation \u00e9troite avec les maussanais qui ont une visions qualitative de l&rsquo;avenir du village. Les voici ! \u2022 L&lsquo;augmentation significative des imp\u00f4ts en 2019Cela suffit &#8230; tous les maussanais [&hellip;]<\/p>\n","protected":false},"author":1,"featured_media":0,"parent":0,"menu_order":0,"comment_status":"closed","ping_status":"closed","template":"","meta":[],"_links":{"self":[{"href":"https:\/\/tousmaussanais.fr\/index.php?rest_route=\/wp\/v2\/pages\/194"}],"collection":[{"href":"https:\/\/tousmaussanais.fr\/index.php?rest_route=\/wp\/v2\/pages"}],"about":[{"href":"https:\/\/tousmaussanais.fr\/index.php?rest_route=\/wp\/v2\/types\/page"}],"author":[{"embeddable":true,"href":"https:\/\/tousmaussanais.fr\/index.php?rest_route=\/wp\/v2\/users\/1"}],"replies":[{"embeddable":true,"href":"https:\/\/tousmaussanais.fr\/index.php?rest_route=%2Fwp%2Fv2%2Fcomments&post=194"}],"version-history":[{"count":70,"href":"https:\/\/tousmaussanais.fr\/index.php?rest_route=\/wp\/v2\/pages\/194\/revisions"}],"predecessor-version":[{"id":1136,"href":"https:\/\/tousmaussanais.fr\/index.php?rest_route=\/wp\/v2\/pages\/194\/revisions\/1136"}],"wp:attachment":[{"href":"https:\/\/tousmaussanais.fr\/index.php?rest_route=%2Fwp%2Fv2%2Fmedia&parent=194"}],"curies":[{"name":"wp","href":"https:\/\/api.w.org\/{rel}","templated":true}]}}