{"id":1087,"date":"2020-03-23T10:48:37","date_gmt":"2020-03-23T09:48:37","guid":{"rendered":"https:\/\/tousmaussanais.fr\/?page_id=1087"},"modified":"2021-01-25T14:53:02","modified_gmt":"2021-01-25T13:53:02","slug":"on-aime-et-vous-aimerez","status":"publish","type":"page","link":"https:\/\/tousmaussanais.fr\/?page_id=1087","title":{"rendered":"Tribune libre"},"content":{"rendered":"\n<p><strong>Marie-Pierre Callet et G\u00e9rard Metoudi<\/strong><\/p>\n\n\n\n<figure class=\"wp-block-image size-large\"><img loading=\"lazy\" width=\"862\" height=\"575\" src=\"https:\/\/tousmaussanais.fr\/wp-content\/uploads\/2021\/01\/masques.jpg\" alt=\"\" class=\"wp-image-1174\" srcset=\"https:\/\/tousmaussanais.fr\/wp-content\/uploads\/2021\/01\/masques.jpg 862w, https:\/\/tousmaussanais.fr\/wp-content\/uploads\/2021\/01\/masques-600x400.jpg 600w, https:\/\/tousmaussanais.fr\/wp-content\/uploads\/2021\/01\/masques-768x512.jpg 768w\" sizes=\"(max-width: 862px) 100vw, 862px\" \/><\/figure>\n\n\n\n<p><strong>SOLIDARITE FACE AU COVID\u00a0: OUI, MAIS DANS LA TRANSPARENCE ET L\u2019EQUITE<\/strong><\/p>\n\n\n\n<p><br>Le projet du CCAS d\u2019aide aux acteurs \u00e9conomiques qui souffrent face \u00e0 la crise, a \u00e9t\u00e9 adopt\u00e9 \u00e0 l\u2019unanimit\u00e9: car personne n&rsquo;est exclu et les aides seront attribu\u00e9es par une commission, dans la transparence. En revanche, nous avons vot\u00e9 contre la d\u00e9lib\u00e9ration du projet \u00ab\u00a0Op\u00e9ration Bons d\u2019Achats\u00a0\u00bb lors du dernier CM du 30 Novembre. La majorit\u00e9 a pr\u00e9sent\u00e9, en urgence, un dispositif d&rsquo;aide aux entreprises touch\u00e9es par la crise COVID.<br>Bonne intention, s&rsquo;il n&rsquo;y avait pas de gros trous dans la raquette!!! Sur 440 acteurs \u00e9conomiques recens\u00e9s sur la commune, une quarantaine de commer\u00e7ants ont \u00e9t\u00e9 choisis: lesquels? sur quels cri\u00e8res ? Pas de r\u00e9ponses pr\u00e9cises \u00e0 nos questions, si ce n&rsquo;est : \u00ab\u00a0Ceux ferm\u00e9s administrativement\u00a0\u00bb selon le Maire. Aucune liste remise aux \u00e9lus. Un seul agriculteur? aucun artisan ? Il aurait fallu faire un vrai travail d\u2019\u00e9quit\u00e9, en demandant \u00e0 tous, sans exclusion, s\u2019ils avaient re\u00e7u des aides de l\u2019Etat, des Collectivit\u00e9s, de la CCVBA\u00a0et quelles \u00e9taient leurs pertes de revenus ?\u00a0<br>Chaque commer\u00e7ant retenu pourra b\u00e9n\u00e9ficier de 50 \u00e0 500 euros de bons d&rsquo;achats de la part de la Commune. Qui d\u00e9cidera du montant pour chacun ? sur quels crit\u00e8res ? L\u00e0 encore, flou total. Quant aux bons, ils seront mis en jeu sur Facebook !! Aucune garantie sur les r\u00e8gles du jeu et leur application transparente. Avec un risque de passe droits?\u2026<br>Depuis l\u2019installation du nouveau Conseil Municipal, nous, \u00e9lus de la minorit\u00e9, nous nous effor\u00e7ons de travailler dans l\u2019int\u00e9r\u00eat g\u00e9n\u00e9ral de notre village et de ses habitants, et dans un esprit constructif. Mais nous ne pouvons donner un blanc-seing \u00e0 un projet qui manque de transparence et d\u2019\u00e9quit\u00e9, et qui coutera 20 000 euros aux contribuables maussanais. Nous resterons sur ce point exigeants: l\u2019argent communal doit \u00eatre utilis\u00e9 dans la clart\u00e9 et l&rsquo;\u00e9quit\u00e9.<\/p>\n\n\n\n<p><\/p>\n","protected":false},"excerpt":{"rendered":"<p>Marie-Pierre Callet et G\u00e9rard Metoudi SOLIDARITE FACE AU COVID\u00a0: OUI, MAIS DANS LA TRANSPARENCE ET L\u2019EQUITE Le projet du CCAS d\u2019aide aux acteurs \u00e9conomiques qui souffrent face \u00e0 la crise, a \u00e9t\u00e9 adopt\u00e9 \u00e0 l\u2019unanimit\u00e9: car personne n&rsquo;est exclu et les aides seront attribu\u00e9es par une commission, dans la transparence. En revanche, nous avons vot\u00e9 [&hellip;]<\/p>\n","protected":false},"author":1,"featured_media":1155,"parent":0,"menu_order":0,"comment_status":"closed","ping_status":"closed","template":"","meta":[],"_links":{"self":[{"href":"https:\/\/tousmaussanais.fr\/index.php?rest_route=\/wp\/v2\/pages\/1087"}],"collection":[{"href":"https:\/\/tousmaussanais.fr\/index.php?rest_route=\/wp\/v2\/pages"}],"about":[{"href":"https:\/\/tousmaussanais.fr\/index.php?rest_route=\/wp\/v2\/types\/page"}],"author":[{"embeddable":true,"href":"https:\/\/tousmaussanais.fr\/index.php?rest_route=\/wp\/v2\/users\/1"}],"replies":[{"embeddable":true,"href":"https:\/\/tousmaussanais.fr\/index.php?rest_route=%2Fwp%2Fv2%2Fcomments&post=1087"}],"version-history":[{"count":10,"href":"https:\/\/tousmaussanais.fr\/index.php?rest_route=\/wp\/v2\/pages\/1087\/revisions"}],"predecessor-version":[{"id":1175,"href":"https:\/\/tousmaussanais.fr\/index.php?rest_route=\/wp\/v2\/pages\/1087\/revisions\/1175"}],"wp:featuredmedia":[{"embeddable":true,"href":"https:\/\/tousmaussanais.fr\/index.php?rest_route=\/wp\/v2\/media\/1155"}],"wp:attachment":[{"href":"https:\/\/tousmaussanais.fr\/index.php?rest_route=%2Fwp%2Fv2%2Fmedia&parent=1087"}],"curies":[{"name":"wp","href":"https:\/\/api.w.org\/{rel}","templated":true}]}}